{"version":"1.0","provider_name":"Rea Vil\u00e1ga","provider_url":"https:\/\/reavilaga.cafeblog.hu","author_name":"Rea17","author_url":"https:\/\/reavilaga.cafeblog.hu\/author\/rea17\/","title":"Csak menj tov\u00e1bb!","html":"<p>A tegnap megkezdett lomtalan\u00edt\u00e1s ma folytat\u00f3dott, de nagyon nehezen ment. Szerettem volna befejezni, hogy holnap egy kis \u0151szi t\u00far\u00e1val felt\u00f6ltsem szervezetemet \u00e9s a lelkemet.<\/p>\r\n<p>H\u00e1\u00e1\u00e1t, a t\u00fara elhalasztva. Egy be nem fizetett csekk is el\u0151ker\u00fclt a pap\u00edrok rendezget\u00e9s\u00e9vel. Eddig sem \u00e1lltak j\u00f3l a dolgok, de... De tal\u00e1n m\u00e9g nem kell k\u00e9sedelmi kamatot fizetni. Lesz m\u00e9g egy napom a takar\u00edt\u00e1sra. Figyelmeztet\u00e9s, hogy erre elfelejtettem gy\u0171jt\u00f6getni. (Ugyanis a 3 havonta vagy f\u00e9l\u00e9vente fizetend\u0151 dolgokra elkezdtem havonta f\u00e9lretenni, hogy ne egyszerre robbantsa sz\u00e9t a k\u00f6lts\u00e9gvet\u00e9st.)<\/p>\r\n<p>Val\u00f3sz\u00edn\u0171leg nem a csekk volt az oka visszaes\u00e9snek, hisz m\u00e1r el\u0151tte sem sz\u00e1rnyaltam. De akkor mi?<\/p>\r\n<p><a href=\"https:\/\/reavilaga.cafeblog.hu\/files\/2015\/10\/hullam.jpg\"><img class=\"size-full wp-image-102 alignleft\" src=\"https:\/\/reavilaga.cafeblog.hu\/files\/2015\/10\/hullam.jpg\" alt=\"hullam\" width=\"198\" height=\"255\" \/><\/a><\/p>\r\n<p>&nbsp;<\/p>\r\n<p>Nem seg\u00edtett a fut\u00e1s, \u00edj\u00e1szkodni is hi\u00e1ba mentem - ez egy ilyen nap. Hull\u00e1mzok. Egy valami a fontos, hogy tov\u00e1bb kell menni \u00e9s csin\u00e1lni.<\/p>\r\n<p>Ma belefutottam egy kedves mondatba: Att\u00f3l m\u00e9g, hogy az egyik kereked defektes lett, ne lyukaszd ki a m\u00e1sik h\u00e1rmat is! Pillanatnyilag ez van, meg kell oldani \u00e9s menni tov\u00e1bb. \u00cdgy nem \u00e1lltam neki \u00fajra csokit enni, v\u00e1dolni magam, ami\u00e9rt figyelmetlen voltam \u00e9s ami\u00e9rt ilyen lassan haladok, hanem az est\u00e9t kikapcsol\u00f3d\u00e1ssal t\u00f6lt\u00f6m.<\/p>\r\n<p>&nbsp;<\/p>\r\n<p>&nbsp;<\/p>\r\n<p>Fut\u00e1s k\u00f6zben pedig Kocsis L. Mih\u00e1ly id\u00e9zete jutott eszembe:<\/p>\r\n<p>\u201eFutni j\u00f3 - futni borzalmas, <br \/>Futni, amikor \u00fagy \u00e9rzed, szinte rep\u00fcl <br \/>alattad a f\u00f6ld, <br \/>Amikor l\u00e1bujjad hegy\u00e9vel <br \/>alig \u00e9rinted a talajt, <br \/>Amikor arcodat friss szelek simogatj\u00e1k.<br \/>Futni amikor, mintha mocs\u00e1rban j\u00e1rn\u00e1l, <br \/>Amikor \u00f3lomk\u00f6l\u00f6nc\u00f6k k\u00f6t\u00f6zik <br \/>l\u00e1badat \u00e9s l\u00e1bujjaidat, <br \/>Amikor arcodra s\u00f3san \u00e9s habosan <br \/>r\u00e1telepszik a f\u00e1radts\u00e1g. <br \/>Melyik vajon az igazi, a \u201enagy\u201d \u00e9rz\u00e9s? <br \/>Nem neh\u00e9z r\u00e1 v\u00e1laszolni: <br \/>mindkett\u0151.\u201d<\/p>\r\n<p>Ez nem csak a fut\u00e1sra igaz, hanem az eg\u00e9sz \u00e9let\u00fcnkre. A mindennapok ezt is, azt is hozz\u00e1k. Harcolhatunk ellene \u00e9s el is fogadhatjuk. K\u00f6vethetj\u00fck Gretchen Rubint is, miszerint: Viselkedj \u00fagy, ahogy \u00e9rezni szeretn\u00e9d magad! De ha nem megy, akkor sincs baj. Holnap \u00faj nap kezd\u0151dik \u00e9s ahol van lent, ott van fent is...\u00fajra.<\/p>","type":"rich"}